{"id":3375,"date":"2018-10-13T22:36:16","date_gmt":"2018-10-13T20:36:16","guid":{"rendered":"http:\/\/www.ufftour.de\/?page_id=3375"},"modified":"2018-10-14T15:58:30","modified_gmt":"2018-10-14T13:58:30","slug":"ausbau-fernreisemobil-basisfahrzeug","status":"publish","type":"page","link":"https:\/\/www.ufftour.de\/?page_id=3375","title":{"rendered":"Ausbau Fernreisemobil &#8211; Basisfahrzeug"},"content":{"rendered":"\n<p>Unsere \u00dcberlegungen zum \"richtigen\" Fahrzeug<\/p>\n\n\n\n<p>Wie schon im Kapitel Grund\u00fcberlegungen beschrieben, muss man sich - nachdem man seine Reiseart (Dauer, Reiseziele) definiert hat - als erstes mit der Auswahl des richtigen Fahrzeugs befassen.<\/p>\n\n\n\n<p>F\u00fcr uns war klar, dass wir lange Fernreisen, ja ggf. ein jahreslanges Leben im Fahrzeug nicht mit unserem - sehr geliebten - Buschtaxi unternehmen wollen. Der zur Verf\u00fcgung stehende Platz und die (fehlenden) M\u00f6glichkeiten der Isolation waren ausschlaggebend. Trotzdem kann auch ein solches Fahrzeug durchaus f\u00fcr manche das richtige Fahrzeug dazu sein. F\u00fcr uns war es das nicht.<\/p>\n\n\n\n<figure class=\"wp-block-image\"><img loading=\"lazy\" decoding=\"async\" width=\"960\" height=\"640\" src=\"https:\/\/www.ufftour.de\/wp-content\/uploads\/2018\/10\/A03-1.jpg\" alt=\"\" class=\"wp-image-3376\" srcset=\"https:\/\/www.ufftour.de\/wp-content\/uploads\/2018\/10\/A03-1.jpg 960w, https:\/\/www.ufftour.de\/wp-content\/uploads\/2018\/10\/A03-1-300x200.jpg 300w, https:\/\/www.ufftour.de\/wp-content\/uploads\/2018\/10\/A03-1-768x512.jpg 768w\" sizes=\"auto, (max-width: 960px) 100vw, 960px\" \/><figcaption>Auch mit Schlafdach war uns unser Buschtaxi zu klein f\u00fcr die \"gro\u00dfe Reise\".<\/figcaption><\/figure>\n\n\n\n<p>\u00a0<\/p>\n\n\n\n<p>Die n\u00e4chst gr\u00f6\u00dferen Fahrzeuge (VW-Bus, Sprinter, u. \u00e4.), h\u00e4tten uns vom Raumangebot her durchaus gen\u00fcgt, aber diese sind sehr selten in entsprechender Ausf\u00fchrung (Bodenfreiheit, Allrad) und entsprechendem Zustand (Allgemeinzustand, Laufleistung) zu bekommen. Wer jedoch ein neues Fahrzeug anschaffen will, wird hier durchaus f\u00fcndig. F\u00fcr uns schied ein Neufahrzeug jedoch aus. Nicht nur wegen dem Anschaffungspreis, sondern insbesondere weil wir moderne Fahrzeuge (noch) nicht f\u00fcr fernreisetauglich (bzw. daf\u00fcr sinnvoll erachten).<\/p>\n\n\n\n<p>Also blieb nur ein Allrad-LKW. Hier gibt es gut erhaltene Expemplare mit wenig Laufleistung und robuster Technik. In erster Linie spreche ich da von Fahrzeugen aus Armee- und Feuerwehrbestand oder von sonstigen Hilfsorganisationen. Heute ist die Auswahl nicht mehr ganz so gro\u00df wie vor 10, 15 o. 20 Jahren, als auch noch etliche Depotfahrzeuge der Bundeswehr ausgesondert wurden. Mittlerweile sind durch a) Verknappung des Angebotes und b) der irrsinnigen Nachfrage in den letzten Jahren, die Auswahl kleiner und die Preise deutlich h\u00f6her. Obwohl man durchaus auch heute noch f\u00fcr \u00fcberschaubares Geld etwas bekommt. Wir haben Ende 2016 unseren Mercedes 1222AF direkt von einer Gemeinde zu einem sehr fairen Preis gekauft.<\/p>\n\n\n\n<figure class=\"wp-block-image\"><img loading=\"lazy\" decoding=\"async\" width=\"960\" height=\"540\" src=\"https:\/\/www.ufftour.de\/wp-content\/uploads\/2018\/10\/A03-2.jpg\" alt=\"\" class=\"wp-image-3377\" srcset=\"https:\/\/www.ufftour.de\/wp-content\/uploads\/2018\/10\/A03-2.jpg 960w, https:\/\/www.ufftour.de\/wp-content\/uploads\/2018\/10\/A03-2-300x169.jpg 300w, https:\/\/www.ufftour.de\/wp-content\/uploads\/2018\/10\/A03-2-768x432.jpg 768w\" sizes=\"auto, (max-width: 960px) 100vw, 960px\" \/><figcaption>Feuerwehrfahrzeuge sind in der Regel eine gute Basis: wenig Laufleistung, gut gepflegt, trocken gestanden. Wer den Umbau nicht scheut, kann kaum etwas falsch machen.<\/figcaption><\/figure>\n\n\n\n<p>\u00a0<\/p>\n\n\n\n<p><strong>Was ist nun das richtige Fahrzeug?<\/strong><\/p>\n\n\n\n<p>\"<em>So klein wie m\u00f6glich und so gro\u00df wie n\u00f6tig.\"<\/em><br\/>Dieser Satz, auf die eigenen Bed\u00fcrfnisse bezogen, passt wohl relativ gut.<\/p>\n\n\n\n<p>Kleinere Fahrzeuge sind insgesamt g\u00fcnstiger (Sprit, Reifen, F\u00e4hren, Geb\u00fchren), wendiger, einfacher zu fahren, unauff\u00e4lliger. Man f\u00e4hrt unbeschwerter unbekannte Wege, wo man z. B. nichts \u00fcber kommende Br\u00fccken oder Engstellen wei\u00df. Gerade bei der Suche des t\u00e4glichen Schlafplatzes f\u00e4hrt man einfach mal in jeden Waldweg, auch wenn man nach zwei Kilometer merkt, dass es da nicht weitergeht und ein Wenden auch nicht m\u00f6glich ist. Dann f\u00e4hrt man halt r\u00fcckw\u00e4rts. Mit einem LKW ist das schon deutlich schwieriger.<\/p>\n\n\n\n<figure class=\"wp-block-image\"><img loading=\"lazy\" decoding=\"async\" width=\"960\" height=\"540\" src=\"https:\/\/www.ufftour.de\/wp-content\/uploads\/2018\/10\/A03-3a.jpg\" alt=\"\" class=\"wp-image-3378\" srcset=\"https:\/\/www.ufftour.de\/wp-content\/uploads\/2018\/10\/A03-3a.jpg 960w, https:\/\/www.ufftour.de\/wp-content\/uploads\/2018\/10\/A03-3a-300x169.jpg 300w, https:\/\/www.ufftour.de\/wp-content\/uploads\/2018\/10\/A03-3a-768x432.jpg 768w\" sizes=\"auto, (max-width: 960px) 100vw, 960px\" \/><figcaption>Br\u00fccken machen einem LKW-Reisenden eher Probleme, als dem Fahrer eines Gel\u00e4ndewagens. Vor allem, wenn sie unverhofft nach rund 100km R\u00fcttelpiste auftauchen und das Wasser darunter nicht zu furten ist...<\/figcaption><\/figure>\n\n\n\n<figure class=\"wp-block-image\"><img loading=\"lazy\" decoding=\"async\" width=\"960\" height=\"540\" src=\"https:\/\/www.ufftour.de\/wp-content\/uploads\/2018\/10\/A03-3b.jpg\" alt=\"\" class=\"wp-image-3379\" srcset=\"https:\/\/www.ufftour.de\/wp-content\/uploads\/2018\/10\/A03-3b.jpg 960w, https:\/\/www.ufftour.de\/wp-content\/uploads\/2018\/10\/A03-3b-300x169.jpg 300w, https:\/\/www.ufftour.de\/wp-content\/uploads\/2018\/10\/A03-3b-768x432.jpg 768w\" sizes=\"auto, (max-width: 960px) 100vw, 960px\" \/><figcaption>Anderes Beispiel: Auch hier f\u00e4hrt man mit dem Gel\u00e4ndewagen entspannter dr\u00fcber, als mit einem Dickschiff.<\/figcaption><\/figure>\n\n\n\n<p>\u00a0<\/p>\n\n\n\n<p><strong>Was spricht f\u00fcr einen LKW?<\/strong><\/p>\n\n\n\n<p>In erster Linie das Platzangebot (wobei da ein gro\u00dfer Kastenwagen schon recht nahe kommt). Die m\u00f6gliche Zuladung und die damit verbundene Reserve. Man f\u00e4hrt - je nach Fahrzeug und Reisegewicht - nicht unbedingt am Limit des Fahrzeuges oder gar dar\u00fcber. Das passiert bei einem Fahrzeug in Kastenwagengr\u00f6\u00dfe oder einem Pickup mit Wohnkabine sehr schnell. Allerdings kann man das auch durchaus bei einem falsch dimensionierten LKW schaffen, wie wir selbst bei unserem ersten Reise-LKW bewiesen haben.<br\/>Je nach Pers\u00f6nlichkeit wird ein LKW vielleicht auch etwas mehr Sicherheit vermitteln, da man aufrund der H\u00f6he des Wohnbereiches eher f\u00fcr b\u00f6sen Besuch schlecht zu erreichen ist. Daf\u00fcr ist man allerdings auch f\u00fcr die vielen freundlichen Menschen eher etwas \"weiter weg\".<br\/>Die in der Regel g\u00fcnstigere Anschaffung hatten wir bereits erw\u00e4hnt. Bleibt noch der Hinweis auf die robuste, f\u00fcr viele hunderttausend Kilometer gebaute Technik. Das gilt aber nur f\u00fcr Fahrzeuge, die nicht hoffnungslos \u00fcberladen sind.<\/p>\n\n\n\n<p>\u00a0<\/p>\n\n\n\n<p><strong>Die Fahrzeugklassen mit Vor- und Nachteilen im \u00dcberblick<\/strong><\/p>\n\n\n\n<p><em><strong>Gel\u00e4ndewagen<\/strong><\/em><\/p>\n\n\n\n<ul class=\"wp-block-list\"><li>(+) klein, wendig<\/li><li>(+) geringe laufende Kosten (Sprit, Stra\u00dfengeb\u00fchren, F\u00e4hren)<\/li><li>(-) geringes Raumangebot<\/li><li>(-) schlechte Isolierung<\/li><li>(-) keine Stehh\u00f6he<\/li><li>(-) gewichtsm\u00e4\u00dfig oft am oder \u00fcber dem Limit<\/li><\/ul>\n\n\n\n<p><em><strong>Kastenwagen (Sprinter u. \u00e4.)<\/strong><\/em><\/p>\n\n\n\n<ul class=\"wp-block-list\"><li>(+) Handling noch gut<\/li><li>(+) Raumangebot, Stehh\u00f6he<\/li><li>(o) laufende Kosten (h\u00f6her als beim Gel\u00e4ndewagen, geringer als beim LKW)<\/li><li>(-) gewichtsm\u00e4\u00dfig eigentlich immer \u00fcberladen<\/li><li>(-) selten mit ordentlicher Bodenfreiheit (gerade bei langem Radstand und typischer Bereifung)<\/li><li>(-) gute gebrauchte selten oder teuer<\/li><\/ul>\n\n\n\n<p><em><strong>Allrad-LKW<\/strong><\/em><\/p>\n\n\n\n<ul class=\"wp-block-list\"><li>(+) Raumangebot<\/li><li>(+) Zuladung<\/li><li>(+) einfache, robuste Technik gebraucht (noch) zu vern\u00fcftigem Preis zu bekommen<\/li><li>(-) Handling schlechter durch Breite, H\u00f6he, L\u00e4nge und Gewicht<\/li><li>(-) h\u00f6here laufende Kosten (Sprit, Geb\u00fchren, F\u00e4hren, Reifen)<\/li><li>(-) Bergung aufwendiger, wenn man die Kiste mal ordentlich versenkt hat<\/li><\/ul>\n\n\n\n<p>Man sieht, die ber\u00fchmte \"Eierlegende Woll-Milch-Sau\" gibt es nicht. Am wichtigsten ist, dass das Fahrzeug zu den eigenen Anspr\u00fcchen passt. Die Nachteile lassen sich immer irgendwie in den Griff bekommen. Sei es durch entsprechende Ausstattung (zum Beispiel f\u00fcr Selbstbergungen), angepasste Fahrweise oder entsprechenden Aufwand beim Ausbau.<\/p>\n\n\n\n<p><\/p>\n\n\n\n<p>Wir haben uns f\u00fcr einen LKW entschieden. Warum ist es nun letztlich ein Mercedes 1222AF geworden. Warum ausgerechnet dieser? Nun, nachdem unser 7,5to-MAN-G90 wegen deutlicher \u00dcberschreitung des zul\u00e4ssigen Gesamtgewichtes weichen musste, war klar, das wir eine Klasse h\u00f6her gehen mussten. Dies bot gleichzeitig noch mal die M\u00f6glichkeit, eine Auswahl zwischen den verf\u00fcgbaren Optionen zu treffen. F\u00fcr diesen Mercedes (ehemaliges Feuerwehrauto) sprach zun\u00e4chst mal der Anschaffungspreis. Dieser lag deutlich unter den Preisen der \"\u00fcblichen Verd\u00e4chtigen\".<\/p>\n\n\n\n<p>Zus\u00e4tzlich sprach f\u00fcr einen Mercedes das Thema Ersatzteilversorgung. Dies eigentlich aus mehreren Gr\u00fcnden: Zun\u00e4chst einmal ist Mercedes, was die LKW-Ersatzteilpreise angeht, ziemlich human. Dies kann ich als ehemaliger Kunde der MAN-Apotheke best\u00e4tigen. Ganz gesalzen sind wohl die Ersatzteilpreise f\u00fcr den Steyr 12M18, wie mehrere Bekannte von mir leidvoll erfahren mussten. Aber auch die Tatsache, dass diese Mercedes Baureihe (NG, SK) in sehr gro\u00dfen St\u00fcckzahlen gebaut wurden, wirkt sich positiv bei der Ersatzteilversorgung aus. Diese wurden in viel gr\u00f6\u00dferer St\u00fcckzahl als bei \"Exoten\" produziert und werden auch mehr vorgehalten. Dazu kommt, dass wegen der Menge an verkaufter Fahrzeuge, viele Ersatz- und Verschleissteile auch von mehreren Nachbauern angeboten werden. So ist die Auswahl gr\u00f6\u00dfer und diese wirkt sich nat\u00fcrlich aus den Preis aus. Wir gehen auch davon aus, dass es bei einem Mercedes weltweit einfacher sein wird, Ersatz- und Verschlei\u00dfteile zu bekommen. Da diese Baureihe so h\u00e4ufig produziert wurde, fahren nat\u00fcrlich auch in vielen L\u00e4ndern solche Fahrzeuge herum und ben\u00f6tigen auch Teile. Wir sind allerdings nicht so blau\u00e4ugig zu glauben, dass man vor Ort in irgendeine LKW-Bude reinspaziert und dort dann genau das ben\u00f6tigte Teil finden. Aber zumindest ist die Wahrscheinlichkeit gr\u00f6\u00dfer. Das Thema Ersatzteilversorgung war f\u00fcr uns der Hauptgrund, uns gegen einen \"Exoten\" (sprich ein selten gebautes Fahrzeug) zu entscheiden. Und dazu z\u00e4hlt f\u00fcr uns leider auch der Steyr 12M18, auch wenn ich jetzt Entr\u00fcstung bei den Fans dieses Fahrzeuges ausl\u00f6se...\u00a0 \ud83d\ude09<\/p>\n\n\n\n<p>Noch ein Satz zu dem immer wieder zu h\u00f6renden Satz: \"Ersatzteile verschickt mein H\u00e4ndler weltweit - kein Problem\". Leider oftmals doch. Das Hauptproblem liegt h\u00e4ufig darin, diese Sendungen durch den Zoll zu bekommen. In manchen L\u00e4ndern geht das nur, wenn man die Pakete als \"Privatpaket\" tarnt, weil gewerbliche Sendungen gar nicht erlaubt sind (nur \u00fcber entsprechende Importeure). Wir selbst mussten erleben, dass der Versand eines Wellendichtringes aus dem MAN-Zentrallager in Deutschland zu einer\u00a0offiziellen MAN-Werkstatt in Barnaul in Sibieren (immerhin eine Halb-Millionen-Einwohner-Stadt) mindestens 4 Wochen gedauert h\u00e4tte. Eben wegen der Zollabfertigung. Und das war jetzt Russland, also nicht unbedingt ein Dritte-Welt-Land.<br\/>\"Dann warte ich halt solange.\" - Gerne, wenn dein Visum noch reicht...\u00a0 \ud83d\ude09<\/p>\n\n\n<br clear=all>\r\n<div class=\"post-it-spende\"><u><b>Disclaimer<\/b> \r\n  -  Achtung !!!<\/u><br>Alles was hier steht, ist unsere eigene, ungeschminkte Meinung und kann auch ganz falsch sein. Wir haben weder die Weisheit mit L\u00f6ffeln gefressen - noch glauben wir das. Jeder darf gerne zu ganz anderen \u00dcberzeugungen kommen. Kein Problem. Aber vielleicht findet der ein oder andere hier ja f\u00fcr ihn interessante Punkte oder stolpert \u00fcber Dinge, die er bislang \u00fcbersehen hat.<br><br>\r\nWenn Du der Meinung bist, dass Dich unser Tun hier weitergebracht hat und Du unsere Arbeit und unseren Aufwand honorieren m\u00f6chtest, kannst Du uns gerne virtuell zum Essen einladen. Das geht am einfachsten \u00fcber eine <a href=\"http:\/\/www.paypal.me\/ufftour\" target=\"_blank\">PayPal-Spende<\/a>. Oder mal am Lagerfeuer ein Bier ausgeben. Wenn nicht, dann halt nicht...<\/div><br clear=all><br clear=all>\n\n\n\n<p>\u00a0<\/p>\n\n\n\n<div class=\"Inhaltsverzeichnis\">\r\n<p><u><strong>Ausbau Fernreisemobil - Inhaltsverzeichnis<\/strong><\/u><\/p>\r\n<a href=\"https:\/\/www.ufftour.de\/?page_id=3349\">Einleitung<\/a><br class=\"clear\" \/>\r\n<a href=\"https:\/\/www.ufftour.de\/?page_id=3360\">Grund\u00fcberlegungen<\/a><br class=\"clear\" \/><br class=\"clear\" \/>\r\n<a href=\"https:\/\/www.ufftour.de\/?page_id=3375\">Basisfahrzeug<\/a><br class=\"clear\" \/>\r\n---------- <a href=\"https:\/\/www.ufftour.de\/?page_id=3552\">Modifikationen am Fahrgestell<\/a><br class=\"clear\" \/>\r\n<br class=\"clear\" \/>\r\n<a href=\"https:\/\/www.ufftour.de\/?page_id=3402\">Die Wohnung - Koffer oder Shelter<\/a><br class=\"clear\" \/>\r\n<a href=\"https:\/\/www.ufftour.de\/?page_id=3417\">Hilfsrahmen \/ Lagerung<\/a><br class=\"clear\" \/>\r\n<br class=\"clear\" \/>\r\n<a href=\"https:\/\/www.ufftour.de\/?page_id=3445\">Energie-Konzept<\/a><br class=\"clear\" \/>\r\n<a href=\"https:\/\/www.ufftour.de\/?page_id=3475\">Strom-Konzept<\/a><br class=\"clear\" \/>\r\n<a href=\"https:\/\/www.ufftour.de\/?page_id=3375\">Einleitung<\/a><br class=\"clear\" \/>\r\n<a href=\"https:\/\/www.ufftour.de\/?page_id=3375\">Einleitung<\/a><br class=\"clear\" \/>\r\n<a href=\"https:\/\/www.ufftour.de\/?page_id=3375\">Einleitung<\/a><br class=\"clear\" \/>\r\n<a href=\"https:\/\/www.ufftour.de\/?page_id=3375\">Einleitung<\/a><br class=\"clear\" \/>\r\n<a href=\"https:\/\/www.ufftour.de\/?page_id=3375\">Einleitung<\/a><br class=\"clear\" \/>\r\n<\/div>\r\n<br clear=all>\n","protected":false},"excerpt":{"rendered":"<p>Unsere \u00dcberlegungen zum \"richtigen\" Fahrzeug Wie schon im Kapitel Grund\u00fcberlegungen beschrieben, muss man sich - nachdem man seine Reiseart (Dauer, Reiseziele) definiert hat - als erstes mit der Auswahl des richtigen Fahrzeugs befassen. F\u00fcr uns war klar, dass wir lange Fernreisen, ja ggf. ein jahreslanges Leben im Fahrzeug nicht mit unserem - sehr geliebten - <a href=\"https:\/\/www.ufftour.de\/?page_id=3375\" class=\"more-link\">...weiterlesen<span class=\"screen-reader-text\"> \"Ausbau Fernreisemobil &#8211; Basisfahrzeug\"<\/span><\/a><\/p>\n","protected":false},"author":3,"featured_media":0,"parent":0,"menu_order":0,"comment_status":"closed","ping_status":"closed","template":"","meta":{"footnotes":""},"class_list":["post-3375","page","type-page","status-publish","h-entry","hentry","h-as-page"],"_links":{"self":[{"href":"https:\/\/www.ufftour.de\/index.php?rest_route=\/wp\/v2\/pages\/3375","targetHints":{"allow":["GET"]}}],"collection":[{"href":"https:\/\/www.ufftour.de\/index.php?rest_route=\/wp\/v2\/pages"}],"about":[{"href":"https:\/\/www.ufftour.de\/index.php?rest_route=\/wp\/v2\/types\/page"}],"author":[{"embeddable":true,"href":"https:\/\/www.ufftour.de\/index.php?rest_route=\/wp\/v2\/users\/3"}],"replies":[{"embeddable":true,"href":"https:\/\/www.ufftour.de\/index.php?rest_route=%2Fwp%2Fv2%2Fcomments&post=3375"}],"version-history":[{"count":4,"href":"https:\/\/www.ufftour.de\/index.php?rest_route=\/wp\/v2\/pages\/3375\/revisions"}],"predecessor-version":[{"id":3401,"href":"https:\/\/www.ufftour.de\/index.php?rest_route=\/wp\/v2\/pages\/3375\/revisions\/3401"}],"wp:attachment":[{"href":"https:\/\/www.ufftour.de\/index.php?rest_route=%2Fwp%2Fv2%2Fmedia&parent=3375"}],"curies":[{"name":"wp","href":"https:\/\/api.w.org\/{rel}","templated":true}]}}